{"id":3053,"date":"2020-06-03T16:00:00","date_gmt":"2020-06-03T16:00:00","guid":{"rendered":"http:\/\/dev-site.noac.ie\/?page_id=3053"},"modified":"2025-02-26T11:36:37","modified_gmt":"2025-02-26T11:36:37","slug":"raiteas-priobhaideachais","status":"publish","type":"page","link":"https:\/\/www.noac.ie\/ga\/raiteas-priobhaideachais\/","title":{"rendered":"R\u00e1iteas Pr\u00edobh\u00e1ideachais"},"content":{"rendered":"\n\n\t<h2>R\u00e1iteas Pr\u00edobh\u00e1ideachais<\/h2>\n<p>R\u00e1iteas Pr\u00edobh\u00e1ideachais do noac.ie at\u00e1 mar l\u00e1ithre\u00e1n gr\u00e9as\u00e1in an Choimisi\u00fain N\u00e1isi\u00fanta Maoirseachta agus Ini\u00fach\u00f3ireachta. Is \u00e9 an Coimisi\u00fan N\u00e1isi\u00fanta Maoirseachta agus Ini\u00fach\u00f3ireachta an comhlacht maoirseachta n\u00e1isi\u00fanta neamhsple\u00e1ch don earn\u00e1il rialtais \u00e1iti\u00fail in \u00c9irinn. Tabharfar &#8216;an L\u00e1ithre\u00e1n&#8217; ar noac.ie sa doicim\u00e9ad seo.<\/p>\n<strong>Faisn\u00e9is ghinear\u00e1lta faoin L\u00e1ithre\u00e1n seo<br \/>\n<\/strong>Freagrach as an L\u00e1ithre\u00e1n: An Coimisi\u00fan Maoirseachta agus Ini\u00fach\u00f3ireachta, d\u00e9an teagmh\u00e1il le: noac@housing.gov.ie<br \/>\nDearadh agus cur chun feidhme: <a href=\"https:\/\/www.pixelpod.ie\/\">https:\/\/www.pixelpod.ie\/<\/a>\n<strong>Cusp\u00f3ir agus fairsinge na faisn\u00e9ise a bhail\u00edmid<br \/>\n<\/strong>Is \u00e9 do rogha f\u00e9in \u00e9 aon sonra\u00ed a thabhairt d\u00fainn. N\u00ed thabharfaimid do shonra\u00ed do thr\u00ed\u00fa p\u00e1irt\u00ed gan cead a fh\u00e1il uait roimh r\u00e9. M\u00e1 chomhl\u00e1na\u00edonn t\u00fa an fhoirm teagmh\u00e1la, \u00fas\u00e1idfear an fhaisn\u00e9is inti chun teagmh\u00e1il a dh\u00e9anamh leat amach anseo.\nPr\u00edobh\u00e1ideacht<br \/>\nN\u00ed bhail\u00edonn noac.ie aon fhaisn\u00e9is phearsanta faoi \u00fas\u00e1ideoir\u00ed, seachas an fhaisn\u00e9is sin a thugann an t-\u00fas\u00e1ideoir d\u00fainn go feasach agus go sonrach. T\u00e1 an Coimisi\u00fan N\u00e1isi\u00fanta Maoirseachta agus Ini\u00fach\u00f3ireachta tiomanta do phr\u00edobh\u00e1ideacht do chuid faisn\u00e9ise pearsanta a \u00e1irithi\u00fa. T\u00e1 foirm ar l\u00edne ag noac.ie ar f\u00e9idir le baill den phobal \u00ed a chomhl\u00e1n\u00fa chun ceist a chur orainn n\u00f3 chun teagmh\u00e1il a dh\u00e9anamh linn. N\u00ed dh\u00e9anfaidh an Coimisi\u00fan N\u00e1isi\u00fanta Maoirseachta agus Ini\u00fach\u00f3ireachta do chuid faisn\u00e9ise a dh\u00edol n\u00e1 a thabhairt d&#8217;aon eagra\u00edocht eile ach sa ch\u00e1s go dtugann t\u00fa cead d\u00fainn go sonrach agus go sainr\u00e1ite chun a leith\u00e9id a dh\u00e9anamh.\n<strong>Nochtadh<\/strong><br \/>\nN\u00ed thabharfaimid do shonra\u00ed pearsanta do thr\u00ed\u00fa p\u00e1irt\u00ed gan cead a fh\u00e1il uait roimh r\u00e9.\n<strong>Ceart Rochtana<\/strong><br \/>\nN\u00ed choinneoimid aon sonra\u00ed f\u00fat ach amh\u00e1in na sonra\u00ed sin a thugann t\u00fa d\u00fainn go toilteanach n\u00f3 at\u00e1 san fhearann poibl\u00ed cheana f\u00e9in.\n<strong>An ceart go nd\u00e9anfa\u00ed ceart\u00fach\u00e1in n\u00f3 scriosadh.<\/strong><br \/>\nM\u00e1 chreideann t\u00fa go bhfuil aon sonra\u00ed riarach\u00e1in m\u00edchruinne againn f\u00fat, cuir \u00e9 sin in i\u00fal d\u00fainn le do thoil agus d\u00e9anfaimid iad a cheart\u00fa.\n\t<strong>Fian\u00e1in<\/strong><br \/>\n\u00das\u00e1idimid fian\u00e1in bhun\u00fasacha ar \u00e1r l\u00e1ithre\u00e1n gr\u00e9as\u00e1in.\u00a0Clice\u00e1il anseo chun \u00e1r mbeartas maidir le fian\u00e1in a l\u00e9amh\n<strong>Sl\u00e1nd\u00e1il<\/strong><br \/>\nAg an gCoimisi\u00fan N\u00e1isi\u00fanta Maoirseachta agus Ini\u00fach\u00f3ireachta t\u00e1imid an d\u00e1ir\u00edre faoi mhodhanna sl\u00e1na a \u00fas\u00e1id chun aon sonra\u00ed a fhaighimid a aistri\u00fa agus a st\u00f3r\u00e1il. T\u00e1 \u00e1r bhfoireann riarach\u00e1in agus taca\u00edochta teicni\u00fala feasach ar na bearta a \u00fas\u00e1idtear agus oilte ina leith.\n<strong>Leordh\u00f3thanach, \u00e1bhartha, gan a bheith iomarcach<\/strong><br \/>\nT\u00e1 s\u00e9 mar bheartas againn gan ach na sonra\u00ed \u00e1bhartha n\u00f3 riachtanacha a thugtar d\u00fainn a choinne\u00e1il. D\u00e9anfaimid aon sonra\u00ed a fhaighimid tr\u00edd an l\u00e1ithre\u00e1n gr\u00e9as\u00e1in a athbhreithni\u00fa agus a nuashonr\u00fa ar bhonn rialta. D\u00e9anfaimid aon fhaisn\u00e9is nach bhfuil \u00e1bhartha a thuilleadh a scriosadh 18 m\u00ed tar \u00e9is d\u00fainn \u00ed a fh\u00e1il.\n<strong>Coinne\u00e1il<\/strong><br \/>\nN\u00ed choinneofar aon sonra\u00ed arna mbaili\u00fa ar feadh tr\u00e9imhse n\u00edos faide n\u00e1 18 m\u00ed n\u00e1 n\u00edos faide n\u00e1 mar is g\u00e1 chun na gcr\u00edoch sin a bhfuarthas iad.\n<strong>Gear\u00e1in a r\u00e9iteach<\/strong><br \/>\nM\u00e1s mian leat aon ch\u00farsa\u00ed n\u00f3 \u00e1bhair imn\u00ed a phl\u00e9 a bhaineann le sonra\u00ed pearsanta a phr\u00f3ise\u00e1il ar \u00e1r l\u00e1ithre\u00e1n gr\u00e9as\u00e1in, n\u00f3 aon ghn\u00e9 den l\u00e1ithre\u00e1n gr\u00e9as\u00e1in f\u00e9in a phl\u00e9, d\u00e9an teagmh\u00e1il linn le r\u00edomhphost n\u00f3 tr\u00edd an bpost.\nR\u00edomhphost:<br \/>\n<a href=\"mailto:dataprotection@noac.ie\">dataprotection@noac.ie<\/a>\nSeoladh Poist:<br \/>\nAn Coimisi\u00fain N\u00e1isi\u00fanta Maoirseachta agus Ini\u00fach\u00f3ireachta<br \/>\nTeach an Chustaim<br \/>\nBaile \u00c1tha Cliath 1<br \/>\nD01 W6X0\n\n","protected":false},"excerpt":{"rendered":"<div class=\"entry-summary\">\n<div class=\"entry-summary\">\nR\u00e1iteas Pr\u00edobh\u00e1ideachais R\u00e1iteas Pr\u00edobh\u00e1ideachais do noac.ie at\u00e1 mar l\u00e1ithre\u00e1n gr\u00e9as\u00e1in an Choimisi\u00fain N\u00e1isi\u00fanta Maoirseachta agus Ini\u00fach\u00f3ireachta. Is \u00e9 an Coimisi\u00fan&hellip;\n<\/div>\n<div class=\"link-more\"><a href=\"https:\/\/www.noac.ie\/ga\/raiteas-priobhaideachais\/\" class=\"more-link\">Continue reading<span class=\"screen-reader-text\"> &ldquo;R\u00e1iteas Pr\u00edobh\u00e1ideachais&rdquo;<\/span>&hellip;<\/a><\/div>\n<\/div>\n<div class=\"link-more\"><a href=\"https:\/\/www.noac.ie\/ga\/raiteas-priobhaideachais\/\" class=\"more-link\">Continue reading<span class=\"screen-reader-text\"> &ldquo;R\u00e1iteas Pr\u00edobh\u00e1ideachais&rdquo;<\/span>&hellip;<\/a><\/div>\n","protected":false},"author":8,"featured_media":0,"parent":0,"menu_order":0,"comment_status":"closed","ping_status":"closed","template":"","meta":{"_acf_changed":false,"footnotes":""},"class_list":["post-3053","page","type-page","status-publish","hentry","entry"],"acf":[],"yoast_head":"<!-- This site is optimized with the Yoast SEO plugin v27.3 - https:\/\/yoast.com\/product\/yoast-seo-wordpress\/ -->\n<title>R\u00e1iteas Pr\u00edobh\u00e1ideachais - National Oversight &amp; Audit Commission<\/title>\n<meta name=\"robots\" content=\"index, follow, max-snippet:-1, max-image-preview:large, max-video-preview:-1\" \/>\n<link rel=\"canonical\" href=\"https:\/\/www.noac.ie\/ga\/raiteas-priobhaideachais\/\" \/>\n<meta property=\"og:locale\" content=\"ga_IE\" \/>\n<meta property=\"og:type\" content=\"article\" \/>\n<meta property=\"og:title\" content=\"R\u00e1iteas Pr\u00edobh\u00e1ideachais - National Oversight &amp; Audit Commission\" \/>\n<meta property=\"og:description\" content=\"R\u00e1iteas Pr\u00edobh\u00e1ideachais R\u00e1iteas Pr\u00edobh\u00e1ideachais do noac.ie at\u00e1 mar l\u00e1ithre\u00e1n gr\u00e9as\u00e1in an Choimisi\u00fain N\u00e1isi\u00fanta Maoirseachta agus Ini\u00fach\u00f3ireachta. Is \u00e9 an Coimisi\u00fan&hellip; Continue reading &ldquo;R\u00e1iteas Pr\u00edobh\u00e1ideachais&rdquo;&hellip;\" \/>\n<meta property=\"og:url\" content=\"https:\/\/www.noac.ie\/ga\/raiteas-priobhaideachais\/\" \/>\n<meta property=\"og:site_name\" content=\"National Oversight &amp; Audit Commission\" \/>\n<meta property=\"article:modified_time\" content=\"2025-02-26T11:36:37+00:00\" \/>\n<meta name=\"twitter:card\" content=\"summary_large_image\" \/>\n<meta name=\"twitter:label1\" content=\"Est. reading time\" \/>\n\t<meta name=\"twitter:data1\" content=\"3 minutes\" \/>\n<script type=\"application\/ld+json\" class=\"yoast-schema-graph\">{\"@context\":\"https:\\\/\\\/schema.org\",\"@graph\":[{\"@type\":\"WebPage\",\"@id\":\"https:\\\/\\\/www.noac.ie\\\/ga\\\/raiteas-priobhaideachais\\\/\",\"url\":\"https:\\\/\\\/www.noac.ie\\\/ga\\\/raiteas-priobhaideachais\\\/\",\"name\":\"R\u00e1iteas Pr\u00edobh\u00e1ideachais - National Oversight &amp; Audit Commission\",\"isPartOf\":{\"@id\":\"https:\\\/\\\/www.noac.ie\\\/ga\\\/#website\"},\"datePublished\":\"2020-06-03T16:00:00+00:00\",\"dateModified\":\"2025-02-26T11:36:37+00:00\",\"breadcrumb\":{\"@id\":\"https:\\\/\\\/www.noac.ie\\\/ga\\\/raiteas-priobhaideachais\\\/#breadcrumb\"},\"inLanguage\":\"ga-IE\",\"potentialAction\":[{\"@type\":\"ReadAction\",\"target\":[\"https:\\\/\\\/www.noac.ie\\\/ga\\\/raiteas-priobhaideachais\\\/\"]}]},{\"@type\":\"BreadcrumbList\",\"@id\":\"https:\\\/\\\/www.noac.ie\\\/ga\\\/raiteas-priobhaideachais\\\/#breadcrumb\",\"itemListElement\":[{\"@type\":\"ListItem\",\"position\":1,\"name\":\"Home\",\"item\":\"https:\\\/\\\/www.noac.ie\\\/ga\\\/\"},{\"@type\":\"ListItem\",\"position\":2,\"name\":\"R\u00e1iteas Pr\u00edobh\u00e1ideachais\"}]},{\"@type\":\"WebSite\",\"@id\":\"https:\\\/\\\/www.noac.ie\\\/ga\\\/#website\",\"url\":\"https:\\\/\\\/www.noac.ie\\\/ga\\\/\",\"name\":\"National Oversight & Audit Commission\",\"description\":\"Providing national oversight of local government in Ireland\",\"publisher\":{\"@id\":\"https:\\\/\\\/www.noac.ie\\\/ga\\\/#organization\"},\"alternateName\":\"NOAC\",\"potentialAction\":[{\"@type\":\"SearchAction\",\"target\":{\"@type\":\"EntryPoint\",\"urlTemplate\":\"https:\\\/\\\/www.noac.ie\\\/ga\\\/?s={search_term_string}\"},\"query-input\":{\"@type\":\"PropertyValueSpecification\",\"valueRequired\":true,\"valueName\":\"search_term_string\"}}],\"inLanguage\":\"ga-IE\"},{\"@type\":\"Organization\",\"@id\":\"https:\\\/\\\/www.noac.ie\\\/ga\\\/#organization\",\"name\":\"National Oversight and Audit Commission\",\"alternateName\":\"NOAC\",\"url\":\"https:\\\/\\\/www.noac.ie\\\/ga\\\/\",\"logo\":{\"@type\":\"ImageObject\",\"inLanguage\":\"ga-IE\",\"@id\":\"https:\\\/\\\/www.noac.ie\\\/ga\\\/#\\\/schema\\\/logo\\\/image\\\/\",\"url\":\"https:\\\/\\\/cdn.noac.ie\\\/wp-content\\\/uploads\\\/2020\\\/04\\\/national-oversight-and-auditing-commission-logo.jpg\",\"contentUrl\":\"https:\\\/\\\/cdn.noac.ie\\\/wp-content\\\/uploads\\\/2020\\\/04\\\/national-oversight-and-auditing-commission-logo.jpg\",\"width\":336,\"height\":122,\"caption\":\"National Oversight and Audit Commission\"},\"image\":{\"@id\":\"https:\\\/\\\/www.noac.ie\\\/ga\\\/#\\\/schema\\\/logo\\\/image\\\/\"}}]}<\/script>\n<!-- \/ Yoast SEO plugin. -->","yoast_head_json":{"title":"R\u00e1iteas Pr\u00edobh\u00e1ideachais - National Oversight &amp; Audit Commission","robots":{"index":"index","follow":"follow","max-snippet":"max-snippet:-1","max-image-preview":"max-image-preview:large","max-video-preview":"max-video-preview:-1"},"canonical":"https:\/\/www.noac.ie\/ga\/raiteas-priobhaideachais\/","og_locale":"ga_IE","og_type":"article","og_title":"R\u00e1iteas Pr\u00edobh\u00e1ideachais - National Oversight &amp; Audit Commission","og_description":"R\u00e1iteas Pr\u00edobh\u00e1ideachais R\u00e1iteas Pr\u00edobh\u00e1ideachais do noac.ie at\u00e1 mar l\u00e1ithre\u00e1n gr\u00e9as\u00e1in an Choimisi\u00fain N\u00e1isi\u00fanta Maoirseachta agus Ini\u00fach\u00f3ireachta. Is \u00e9 an Coimisi\u00fan&hellip; Continue reading &ldquo;R\u00e1iteas Pr\u00edobh\u00e1ideachais&rdquo;&hellip;","og_url":"https:\/\/www.noac.ie\/ga\/raiteas-priobhaideachais\/","og_site_name":"National Oversight &amp; Audit Commission","article_modified_time":"2025-02-26T11:36:37+00:00","twitter_card":"summary_large_image","twitter_misc":{"Est. reading time":"3 minutes"},"schema":{"@context":"https:\/\/schema.org","@graph":[{"@type":"WebPage","@id":"https:\/\/www.noac.ie\/ga\/raiteas-priobhaideachais\/","url":"https:\/\/www.noac.ie\/ga\/raiteas-priobhaideachais\/","name":"R\u00e1iteas Pr\u00edobh\u00e1ideachais - National Oversight &amp; Audit Commission","isPartOf":{"@id":"https:\/\/www.noac.ie\/ga\/#website"},"datePublished":"2020-06-03T16:00:00+00:00","dateModified":"2025-02-26T11:36:37+00:00","breadcrumb":{"@id":"https:\/\/www.noac.ie\/ga\/raiteas-priobhaideachais\/#breadcrumb"},"inLanguage":"ga-IE","potentialAction":[{"@type":"ReadAction","target":["https:\/\/www.noac.ie\/ga\/raiteas-priobhaideachais\/"]}]},{"@type":"BreadcrumbList","@id":"https:\/\/www.noac.ie\/ga\/raiteas-priobhaideachais\/#breadcrumb","itemListElement":[{"@type":"ListItem","position":1,"name":"Home","item":"https:\/\/www.noac.ie\/ga\/"},{"@type":"ListItem","position":2,"name":"R\u00e1iteas Pr\u00edobh\u00e1ideachais"}]},{"@type":"WebSite","@id":"https:\/\/www.noac.ie\/ga\/#website","url":"https:\/\/www.noac.ie\/ga\/","name":"National Oversight & Audit Commission","description":"Providing national oversight of local government in Ireland","publisher":{"@id":"https:\/\/www.noac.ie\/ga\/#organization"},"alternateName":"NOAC","potentialAction":[{"@type":"SearchAction","target":{"@type":"EntryPoint","urlTemplate":"https:\/\/www.noac.ie\/ga\/?s={search_term_string}"},"query-input":{"@type":"PropertyValueSpecification","valueRequired":true,"valueName":"search_term_string"}}],"inLanguage":"ga-IE"},{"@type":"Organization","@id":"https:\/\/www.noac.ie\/ga\/#organization","name":"National Oversight and Audit Commission","alternateName":"NOAC","url":"https:\/\/www.noac.ie\/ga\/","logo":{"@type":"ImageObject","inLanguage":"ga-IE","@id":"https:\/\/www.noac.ie\/ga\/#\/schema\/logo\/image\/","url":"https:\/\/cdn.noac.ie\/wp-content\/uploads\/2020\/04\/national-oversight-and-auditing-commission-logo.jpg","contentUrl":"https:\/\/cdn.noac.ie\/wp-content\/uploads\/2020\/04\/national-oversight-and-auditing-commission-logo.jpg","width":336,"height":122,"caption":"National Oversight and Audit Commission"},"image":{"@id":"https:\/\/www.noac.ie\/ga\/#\/schema\/logo\/image\/"}}]}},"_links":{"self":[{"href":"https:\/\/www.noac.ie\/ga\/wp-json\/wp\/v2\/pages\/3053","targetHints":{"allow":["GET"]}}],"collection":[{"href":"https:\/\/www.noac.ie\/ga\/wp-json\/wp\/v2\/pages"}],"about":[{"href":"https:\/\/www.noac.ie\/ga\/wp-json\/wp\/v2\/types\/page"}],"author":[{"embeddable":true,"href":"https:\/\/www.noac.ie\/ga\/wp-json\/wp\/v2\/users\/8"}],"replies":[{"embeddable":true,"href":"https:\/\/www.noac.ie\/ga\/wp-json\/wp\/v2\/comments?post=3053"}],"version-history":[{"count":2,"href":"https:\/\/www.noac.ie\/ga\/wp-json\/wp\/v2\/pages\/3053\/revisions"}],"predecessor-version":[{"id":10620,"href":"https:\/\/www.noac.ie\/ga\/wp-json\/wp\/v2\/pages\/3053\/revisions\/10620"}],"wp:attachment":[{"href":"https:\/\/www.noac.ie\/ga\/wp-json\/wp\/v2\/media?parent=3053"}],"curies":[{"name":"wp","href":"https:\/\/api.w.org\/{rel}","templated":true}]}}